{"id":535,"date":"2023-01-30T11:40:02","date_gmt":"2023-01-30T10:40:02","guid":{"rendered":"http:\/\/lavolierecirque.com\/?page_id=535"},"modified":"2026-02-05T15:04:03","modified_gmt":"2026-02-05T14:04:03","slug":"ecole-de-cirque","status":"publish","type":"page","link":"https:\/\/lavolierecirque.com\/index.php\/ecole-de-cirque\/","title":{"rendered":"Ecole de Cirque"},"content":{"rendered":"\n<h4 class=\"wp-block-heading has-text-align-center\"><em>\u00ab Une \u00e9cole de cirque est une \u00e9cole pour tous, une \u00e9cole pour chacun, une \u00e9cole pour les Arts du Cirque \u00bb<\/em><\/h4>\n\n\n\n<h3 class=\"wp-block-heading\">Tout au long de l\u2019ann\u00e9e, la Voli\u00e8re dispense des cours de cirque loisirs \u00e0 destination d\u2019un large public d\u2019amateur : du baby cirque aux cours adultes.<br>La Voli\u00e8re est adh\u00e9rente de la F\u00e9d\u00e9ration Fran\u00e7aise des Ecoles de Cirque (FFEC) depuis son ouverture en 2020 et a obtenu l\u2019agr\u00e9ment qualit\u00e9 \u00ab pratique amateur \u00bb de la f\u00e9d\u00e9ration en juin 2022.<br>Le projet p\u00e9dagogique du lieu repose sur des valeurs fondamentales d\u2019\u00e9panouissement, d\u2019accomplissement individuel et d\u2019\u00e9ducation populaire.<\/h3>\n\n\n\n<p>L\u2019approche est \u00e0 la fois collective et individualis\u00e9e, induisant des savoir-faire et des savoir-\u00eatre qui privil\u00e9gient l\u2019autonomie, la responsabilit\u00e9 et la capacit\u00e9 de choix et d\u2019action, dans le respect des r\u00e8gles de s\u00e9curit\u00e9 de la pratique.<\/p>\n\n\n\n<div style=\"height:50px\" aria-hidden=\"true\" class=\"wp-block-spacer\"><\/div>\n\n\n\n<h2 class=\"wp-block-heading has-text-align-center\">La pratique des Arts du Cirque tout au long de l\u2019ann\u00e9e permet d\u2019envisager diff\u00e9rents objectifs<\/h2>\n\n\n\n<ul class=\"wp-block-list\">\n<li>Prendre conscience de soi et trouver sa place au sein d\u2019un groupe<\/li>\n\n\n\n<li>Apprendre \u00e0 faire ensemble<\/li>\n\n\n\n<li>Am\u00e9liorer l\u2019estime et la confiance en soi<\/li>\n\n\n\n<li>Prendre conscience de son corps et d\u00e9velopper ses capacit\u00e9s corporelles (tonicit\u00e9, souplesse, agilit\u00e9, \u00e9quilibre\u2026)D\u00e9couvrir ses limites corporelles et \u00e9motionnelles et savoir comment les aborder<\/li>\n\n\n\n<li>Exp\u00e9rimenter son rapport \u00e0 la prise de risque<\/li>\n\n\n\n<li>Ouvrir son regard en tant que spectateur et d\u00e9velopper son sens critique<\/li>\n\n\n\n<li>Faire vivre le lien social et la solidarit\u00e9 sur le territoire en cr\u00e9ant des relations d\u2019entraide, d\u2019\u00e9change et de partage<\/li>\n<\/ul>\n\n\n\n<p>Pour les plus petits, Les Arts du Cirque sont un formidable outil de socialisation et de d\u00e9veloppement de la motricit\u00e9 !<br>Les cours sont envisag\u00e9s dans une d\u00e9marche d\u2019inclusion et sont ainsi ouverts aux personnes en situation de handicap moteur, sensoriel (auditif et visuel), mental, cognitif et psychique.<br>Chaque ann\u00e9e, le troisi\u00e8me weekend du mois de juin, le spectacle de fin d\u2019ann\u00e9e de l\u2019Ecole de Cirque est organis\u00e9 \u00e0 La Voli\u00e8re.<\/p>\n\n\n\n<div style=\"height:52px\" aria-hidden=\"true\" class=\"wp-block-spacer\"><\/div>\n\n\n\n<h3 class=\"wp-block-heading has-text-align-center\"><strong><em>Au mois de janvier, il est encore possible de rejoindre les cours, avec un tarif calcul\u00e9 au prorata des s\u00e9ances restantes.<\/em><\/strong><\/h3>\n\n\n\n<div class=\"wp-block-buttons is-content-justification-center is-layout-flex wp-container-core-buttons-is-layout-1 wp-block-buttons-is-layout-flex\">\n<div class=\"wp-block-button\"><a class=\"wp-block-button__link has-text-align-center wp-element-button\" href=\"https:\/\/www.billetweb.fr\/25-26-ecole-de-cirque-cours&amp;multi=25739&amp;margin=no_margin&amp;color=B81C45&amp;parent=la-voliere&amp;margin=no_margin&amp;color=B81C45\">R\u00e9servations<\/a><\/div>\n<\/div>\n\n\n\n<p><\/p>\n\n\n\n<p><\/p>\n\n\n\n<figure class=\"wp-block-gallery has-nested-images columns-default is-cropped wp-block-gallery-1 is-layout-flex wp-block-gallery-is-layout-flex\">\n<figure class=\"wp-block-image size-large\"><img fetchpriority=\"high\" decoding=\"async\" width=\"848\" height=\"1200\" data-id=\"5644\" src=\"https:\/\/lavolierecirque.com\/wp-content\/uploads\/2026\/01\/places-dispo-2-848x1200.png\" alt=\"\" class=\"wp-image-5644\" srcset=\"https:\/\/lavolierecirque.com\/wp-content\/uploads\/2026\/01\/places-dispo-2-848x1200.png 848w, https:\/\/lavolierecirque.com\/wp-content\/uploads\/2026\/01\/places-dispo-2-212x300.png 212w, https:\/\/lavolierecirque.com\/wp-content\/uploads\/2026\/01\/places-dispo-2-768x1086.png 768w, https:\/\/lavolierecirque.com\/wp-content\/uploads\/2026\/01\/places-dispo-2-1086x1536.png 1086w, https:\/\/lavolierecirque.com\/wp-content\/uploads\/2026\/01\/places-dispo-2.png 1414w\" sizes=\"(max-width: 848px) 100vw, 848px\" \/><\/figure>\n\n\n\n<figure class=\"wp-block-image size-large\"><img decoding=\"async\" width=\"848\" height=\"1200\" data-id=\"5645\" src=\"https:\/\/lavolierecirque.com\/wp-content\/uploads\/2026\/01\/A4planning-des-cours-saison-2025-2026-848x1200.png\" alt=\"\" class=\"wp-image-5645\" srcset=\"https:\/\/lavolierecirque.com\/wp-content\/uploads\/2026\/01\/A4planning-des-cours-saison-2025-2026-848x1200.png 848w, https:\/\/lavolierecirque.com\/wp-content\/uploads\/2026\/01\/A4planning-des-cours-saison-2025-2026-212x300.png 212w, https:\/\/lavolierecirque.com\/wp-content\/uploads\/2026\/01\/A4planning-des-cours-saison-2025-2026-768x1086.png 768w, https:\/\/lavolierecirque.com\/wp-content\/uploads\/2026\/01\/A4planning-des-cours-saison-2025-2026-1086x1536.png 1086w, https:\/\/lavolierecirque.com\/wp-content\/uploads\/2026\/01\/A4planning-des-cours-saison-2025-2026.png 1414w\" sizes=\"(max-width: 848px) 100vw, 848px\" \/><\/figure>\n<\/figure>\n\n\n\n<p class=\"has-text-align-center\"><\/p>\n\n\n\n<figure class=\"wp-block-gallery has-nested-images columns-default is-cropped wp-block-gallery-2 is-layout-flex wp-block-gallery-is-layout-flex\">\n<figure class=\"wp-block-image size-large\"><img decoding=\"async\" width=\"848\" height=\"1200\" data-id=\"5107\" src=\"https:\/\/lavolierecirque.com\/wp-content\/uploads\/2025\/06\/03_tarifs-1-848x1200.jpg\" alt=\"\" class=\"wp-image-5107\" srcset=\"https:\/\/lavolierecirque.com\/wp-content\/uploads\/2025\/06\/03_tarifs-1-848x1200.jpg 848w, https:\/\/lavolierecirque.com\/wp-content\/uploads\/2025\/06\/03_tarifs-1-212x300.jpg 212w, https:\/\/lavolierecirque.com\/wp-content\/uploads\/2025\/06\/03_tarifs-1-768x1086.jpg 768w, https:\/\/lavolierecirque.com\/wp-content\/uploads\/2025\/06\/03_tarifs-1-1086x1536.jpg 1086w, https:\/\/lavolierecirque.com\/wp-content\/uploads\/2025\/06\/03_tarifs-1.jpg 1414w\" sizes=\"(max-width: 848px) 100vw, 848px\" \/><\/figure>\n\n\n\n<figure class=\"wp-block-image size-large\"><img loading=\"lazy\" decoding=\"async\" width=\"848\" height=\"1200\" data-id=\"5106\" src=\"https:\/\/lavolierecirque.com\/wp-content\/uploads\/2025\/06\/A4planning-des-cours-saison-2025-2026-848x1200.jpg\" alt=\"\" class=\"wp-image-5106\" srcset=\"https:\/\/lavolierecirque.com\/wp-content\/uploads\/2025\/06\/A4planning-des-cours-saison-2025-2026-848x1200.jpg 848w, https:\/\/lavolierecirque.com\/wp-content\/uploads\/2025\/06\/A4planning-des-cours-saison-2025-2026-212x300.jpg 212w, https:\/\/lavolierecirque.com\/wp-content\/uploads\/2025\/06\/A4planning-des-cours-saison-2025-2026-768x1086.jpg 768w, https:\/\/lavolierecirque.com\/wp-content\/uploads\/2025\/06\/A4planning-des-cours-saison-2025-2026-1086x1536.jpg 1086w, https:\/\/lavolierecirque.com\/wp-content\/uploads\/2025\/06\/A4planning-des-cours-saison-2025-2026.jpg 1414w\" sizes=\"(max-width: 848px) 100vw, 848px\" \/><\/figure>\n<\/figure>\n\n\n\nngg_shortcode_0_placeholder\n\n\n\n<div style=\"height:100px\" aria-hidden=\"true\" class=\"wp-block-spacer\"><\/div>\n","protected":false},"excerpt":{"rendered":"<p>\u00ab Une \u00e9cole de cirque est une \u00e9cole pour tous, une \u00e9cole pour chacun, une \u00e9cole pour les Arts du Cirque \u00bb Tout au long de l\u2019ann\u00e9e, la Voli\u00e8re dispense des cours de cirque loisirs \u00e0 destination d\u2019un large public d\u2019amateur : du baby cirque aux cours adultes.La Voli\u00e8re est adh\u00e9rente de la F\u00e9d\u00e9ration Fran\u00e7aise des Ecoles de Cirque (FFEC) depuis son ouverture en 2020 et a obtenu l\u2019agr\u00e9ment qualit\u00e9 \u00ab pratique amateur \u00bb de la f\u00e9d\u00e9ration en juin 2022.Le projet p\u00e9dagogique du lieu repose sur des valeurs fondamentales d\u2019\u00e9panouissement, d\u2019accomplissement individuel et d\u2019\u00e9ducation populaire. L\u2019approche est \u00e0 la fois collective et individualis\u00e9e, induisant des savoir-faire et des savoir-\u00eatre qui privil\u00e9gient l\u2019autonomie, la responsabilit\u00e9 et la capacit\u00e9 de choix et d\u2019action, dans le respect des r\u00e8gles de s\u00e9curit\u00e9 de la pratique. La pratique des Arts du Cirque tout au long de l\u2019ann\u00e9e permet d\u2019envisager diff\u00e9rents objectifs Pour les plus petits, Les Arts du Cirque sont un formidable outil de socialisation et de d\u00e9veloppement de la motricit\u00e9 !Les cours sont envisag\u00e9s dans une d\u00e9marche d\u2019inclusion et sont ainsi ouverts aux personnes en situation de handicap moteur, sensoriel (auditif et visuel), mental, cognitif et psychique.Chaque ann\u00e9e, le troisi\u00e8me weekend du mois de juin, le spectacle de fin d\u2019ann\u00e9e de l\u2019Ecole de Cirque est organis\u00e9 \u00e0 La Voli\u00e8re. Au mois de janvier, il est encore possible de rejoindre les cours, avec un tarif calcul\u00e9 au prorata des s\u00e9ances restantes.<\/p>\n","protected":false},"author":1,"featured_media":5727,"parent":0,"menu_order":0,"comment_status":"closed","ping_status":"closed","template":"elementor_theme","meta":{"site-sidebar-layout":"default","site-content-layout":"default","ast-global-header-display":"","ast-main-header-display":"","ast-hfb-above-header-display":"","ast-hfb-below-header-display":"","ast-hfb-mobile-header-display":"","site-post-title":"","ast-breadcrumbs-content":"","ast-featured-img":"","footer-sml-layout":"","theme-transparent-header-meta":"","adv-header-id-meta":"","stick-header-meta":"","header-above-stick-meta":"","header-main-stick-meta":"","header-below-stick-meta":"","ngg_post_thumbnail":0,"footnotes":""},"class_list":["post-535","page","type-page","status-publish","has-post-thumbnail","hentry"],"yoast_head":"<!-- This site is optimized with the Yoast SEO plugin v26.8 - https:\/\/yoast.com\/product\/yoast-seo-wordpress\/ -->\n<title>Ecole de Cirque - La Voli\u00e8re<\/title>\n<meta name=\"robots\" content=\"index, follow, max-snippet:-1, max-image-preview:large, max-video-preview:-1\" \/>\n<link rel=\"canonical\" href=\"https:\/\/lavolierecirque.com\/index.php\/ecole-de-cirque\/\" \/>\n<meta property=\"og:locale\" content=\"fr_FR\" \/>\n<meta property=\"og:type\" content=\"article\" \/>\n<meta property=\"og:title\" content=\"Ecole de Cirque - La Voli\u00e8re\" \/>\n<meta property=\"og:description\" content=\"\u00ab Une \u00e9cole de cirque est une \u00e9cole pour tous, une \u00e9cole pour chacun, une \u00e9cole pour les Arts du Cirque \u00bb Tout au long de l\u2019ann\u00e9e, la Voli\u00e8re dispense des cours de cirque loisirs \u00e0 destination d\u2019un large public d\u2019amateur : du baby cirque aux cours adultes.La Voli\u00e8re est adh\u00e9rente de la F\u00e9d\u00e9ration Fran\u00e7aise des Ecoles de Cirque (FFEC) depuis son ouverture en 2020 et a obtenu l\u2019agr\u00e9ment qualit\u00e9 \u00ab pratique amateur \u00bb de la f\u00e9d\u00e9ration en juin 2022.Le projet p\u00e9dagogique du lieu repose sur des valeurs fondamentales d\u2019\u00e9panouissement, d\u2019accomplissement individuel et d\u2019\u00e9ducation populaire. L\u2019approche est \u00e0 la fois collective et individualis\u00e9e, induisant des savoir-faire et des savoir-\u00eatre qui privil\u00e9gient l\u2019autonomie, la responsabilit\u00e9 et la capacit\u00e9 de choix et d\u2019action, dans le respect des r\u00e8gles de s\u00e9curit\u00e9 de la pratique. La pratique des Arts du Cirque tout au long de l\u2019ann\u00e9e permet d\u2019envisager diff\u00e9rents objectifs Pour les plus petits, Les Arts du Cirque sont un formidable outil de socialisation et de d\u00e9veloppement de la motricit\u00e9 !Les cours sont envisag\u00e9s dans une d\u00e9marche d\u2019inclusion et sont ainsi ouverts aux personnes en situation de handicap moteur, sensoriel (auditif et visuel), mental, cognitif et psychique.Chaque ann\u00e9e, le troisi\u00e8me weekend du mois de juin, le spectacle de fin d\u2019ann\u00e9e de l\u2019Ecole de Cirque est organis\u00e9 \u00e0 La Voli\u00e8re. Au mois de janvier, il est encore possible de rejoindre les cours, avec un tarif calcul\u00e9 au prorata des s\u00e9ances restantes.\" \/>\n<meta property=\"og:url\" content=\"https:\/\/lavolierecirque.com\/index.php\/ecole-de-cirque\/\" \/>\n<meta property=\"og:site_name\" content=\"La Voli\u00e8re\" \/>\n<meta property=\"article:modified_time\" content=\"2026-02-05T14:04:03+00:00\" \/>\n<meta property=\"og:image\" content=\"https:\/\/lavolierecirque.com\/wp-content\/uploads\/2026\/02\/format-page-SITE-5.png\" \/>\n\t<meta property=\"og:image:width\" content=\"1200\" \/>\n\t<meta property=\"og:image:height\" content=\"400\" \/>\n\t<meta property=\"og:image:type\" content=\"image\/png\" \/>\n<meta name=\"twitter:card\" content=\"summary_large_image\" \/>\n<meta name=\"twitter:label1\" content=\"Dur\u00e9e de lecture estim\u00e9e\" \/>\n\t<meta name=\"twitter:data1\" content=\"3 minutes\" \/>\n<script type=\"application\/ld+json\" class=\"yoast-schema-graph\">{\"@context\":\"https:\/\/schema.org\",\"@graph\":[{\"@type\":\"WebPage\",\"@id\":\"https:\/\/lavolierecirque.com\/index.php\/ecole-de-cirque\/\",\"url\":\"https:\/\/lavolierecirque.com\/index.php\/ecole-de-cirque\/\",\"name\":\"Ecole de Cirque - La Voli\u00e8re\",\"isPartOf\":{\"@id\":\"https:\/\/lavolierecirque.com\/#website\"},\"primaryImageOfPage\":{\"@id\":\"https:\/\/lavolierecirque.com\/index.php\/ecole-de-cirque\/#primaryimage\"},\"image\":{\"@id\":\"https:\/\/lavolierecirque.com\/index.php\/ecole-de-cirque\/#primaryimage\"},\"thumbnailUrl\":\"https:\/\/lavolierecirque.com\/wp-content\/uploads\/2026\/02\/format-page-SITE-5.png\",\"datePublished\":\"2023-01-30T10:40:02+00:00\",\"dateModified\":\"2026-02-05T14:04:03+00:00\",\"breadcrumb\":{\"@id\":\"https:\/\/lavolierecirque.com\/index.php\/ecole-de-cirque\/#breadcrumb\"},\"inLanguage\":\"fr-FR\",\"potentialAction\":[{\"@type\":\"ReadAction\",\"target\":[\"https:\/\/lavolierecirque.com\/index.php\/ecole-de-cirque\/\"]}]},{\"@type\":\"ImageObject\",\"inLanguage\":\"fr-FR\",\"@id\":\"https:\/\/lavolierecirque.com\/index.php\/ecole-de-cirque\/#primaryimage\",\"url\":\"https:\/\/lavolierecirque.com\/wp-content\/uploads\/2026\/02\/format-page-SITE-5.png\",\"contentUrl\":\"https:\/\/lavolierecirque.com\/wp-content\/uploads\/2026\/02\/format-page-SITE-5.png\",\"width\":1200,\"height\":400},{\"@type\":\"BreadcrumbList\",\"@id\":\"https:\/\/lavolierecirque.com\/index.php\/ecole-de-cirque\/#breadcrumb\",\"itemListElement\":[{\"@type\":\"ListItem\",\"position\":1,\"name\":\"Accueil\",\"item\":\"https:\/\/lavolierecirque.com\/\"},{\"@type\":\"ListItem\",\"position\":2,\"name\":\"Ecole de Cirque\"}]},{\"@type\":\"WebSite\",\"@id\":\"https:\/\/lavolierecirque.com\/#website\",\"url\":\"https:\/\/lavolierecirque.com\/\",\"name\":\"La Voli\u00e8re\",\"description\":\"Lieu d\u00e9di\u00e9 au nouveau cirque &amp; \u00e0 la danse a\u00e9rienne\",\"potentialAction\":[{\"@type\":\"SearchAction\",\"target\":{\"@type\":\"EntryPoint\",\"urlTemplate\":\"https:\/\/lavolierecirque.com\/?s={search_term_string}\"},\"query-input\":{\"@type\":\"PropertyValueSpecification\",\"valueRequired\":true,\"valueName\":\"search_term_string\"}}],\"inLanguage\":\"fr-FR\"}]}<\/script>\n<!-- \/ Yoast SEO plugin. -->","yoast_head_json":{"title":"Ecole de Cirque - La Voli\u00e8re","robots":{"index":"index","follow":"follow","max-snippet":"max-snippet:-1","max-image-preview":"max-image-preview:large","max-video-preview":"max-video-preview:-1"},"canonical":"https:\/\/lavolierecirque.com\/index.php\/ecole-de-cirque\/","og_locale":"fr_FR","og_type":"article","og_title":"Ecole de Cirque - La Voli\u00e8re","og_description":"\u00ab Une \u00e9cole de cirque est une \u00e9cole pour tous, une \u00e9cole pour chacun, une \u00e9cole pour les Arts du Cirque \u00bb Tout au long de l\u2019ann\u00e9e, la Voli\u00e8re dispense des cours de cirque loisirs \u00e0 destination d\u2019un large public d\u2019amateur : du baby cirque aux cours adultes.La Voli\u00e8re est adh\u00e9rente de la F\u00e9d\u00e9ration Fran\u00e7aise des Ecoles de Cirque (FFEC) depuis son ouverture en 2020 et a obtenu l\u2019agr\u00e9ment qualit\u00e9 \u00ab pratique amateur \u00bb de la f\u00e9d\u00e9ration en juin 2022.Le projet p\u00e9dagogique du lieu repose sur des valeurs fondamentales d\u2019\u00e9panouissement, d\u2019accomplissement individuel et d\u2019\u00e9ducation populaire. L\u2019approche est \u00e0 la fois collective et individualis\u00e9e, induisant des savoir-faire et des savoir-\u00eatre qui privil\u00e9gient l\u2019autonomie, la responsabilit\u00e9 et la capacit\u00e9 de choix et d\u2019action, dans le respect des r\u00e8gles de s\u00e9curit\u00e9 de la pratique. La pratique des Arts du Cirque tout au long de l\u2019ann\u00e9e permet d\u2019envisager diff\u00e9rents objectifs Pour les plus petits, Les Arts du Cirque sont un formidable outil de socialisation et de d\u00e9veloppement de la motricit\u00e9 !Les cours sont envisag\u00e9s dans une d\u00e9marche d\u2019inclusion et sont ainsi ouverts aux personnes en situation de handicap moteur, sensoriel (auditif et visuel), mental, cognitif et psychique.Chaque ann\u00e9e, le troisi\u00e8me weekend du mois de juin, le spectacle de fin d\u2019ann\u00e9e de l\u2019Ecole de Cirque est organis\u00e9 \u00e0 La Voli\u00e8re. Au mois de janvier, il est encore possible de rejoindre les cours, avec un tarif calcul\u00e9 au prorata des s\u00e9ances restantes.","og_url":"https:\/\/lavolierecirque.com\/index.php\/ecole-de-cirque\/","og_site_name":"La Voli\u00e8re","article_modified_time":"2026-02-05T14:04:03+00:00","og_image":[{"width":1200,"height":400,"url":"https:\/\/lavolierecirque.com\/wp-content\/uploads\/2026\/02\/format-page-SITE-5.png","type":"image\/png"}],"twitter_card":"summary_large_image","twitter_misc":{"Dur\u00e9e de lecture estim\u00e9e":"3 minutes"},"schema":{"@context":"https:\/\/schema.org","@graph":[{"@type":"WebPage","@id":"https:\/\/lavolierecirque.com\/index.php\/ecole-de-cirque\/","url":"https:\/\/lavolierecirque.com\/index.php\/ecole-de-cirque\/","name":"Ecole de Cirque - La Voli\u00e8re","isPartOf":{"@id":"https:\/\/lavolierecirque.com\/#website"},"primaryImageOfPage":{"@id":"https:\/\/lavolierecirque.com\/index.php\/ecole-de-cirque\/#primaryimage"},"image":{"@id":"https:\/\/lavolierecirque.com\/index.php\/ecole-de-cirque\/#primaryimage"},"thumbnailUrl":"https:\/\/lavolierecirque.com\/wp-content\/uploads\/2026\/02\/format-page-SITE-5.png","datePublished":"2023-01-30T10:40:02+00:00","dateModified":"2026-02-05T14:04:03+00:00","breadcrumb":{"@id":"https:\/\/lavolierecirque.com\/index.php\/ecole-de-cirque\/#breadcrumb"},"inLanguage":"fr-FR","potentialAction":[{"@type":"ReadAction","target":["https:\/\/lavolierecirque.com\/index.php\/ecole-de-cirque\/"]}]},{"@type":"ImageObject","inLanguage":"fr-FR","@id":"https:\/\/lavolierecirque.com\/index.php\/ecole-de-cirque\/#primaryimage","url":"https:\/\/lavolierecirque.com\/wp-content\/uploads\/2026\/02\/format-page-SITE-5.png","contentUrl":"https:\/\/lavolierecirque.com\/wp-content\/uploads\/2026\/02\/format-page-SITE-5.png","width":1200,"height":400},{"@type":"BreadcrumbList","@id":"https:\/\/lavolierecirque.com\/index.php\/ecole-de-cirque\/#breadcrumb","itemListElement":[{"@type":"ListItem","position":1,"name":"Accueil","item":"https:\/\/lavolierecirque.com\/"},{"@type":"ListItem","position":2,"name":"Ecole de Cirque"}]},{"@type":"WebSite","@id":"https:\/\/lavolierecirque.com\/#website","url":"https:\/\/lavolierecirque.com\/","name":"La Voli\u00e8re","description":"Lieu d\u00e9di\u00e9 au nouveau cirque &amp; \u00e0 la danse a\u00e9rienne","potentialAction":[{"@type":"SearchAction","target":{"@type":"EntryPoint","urlTemplate":"https:\/\/lavolierecirque.com\/?s={search_term_string}"},"query-input":{"@type":"PropertyValueSpecification","valueRequired":true,"valueName":"search_term_string"}}],"inLanguage":"fr-FR"}]}},"rttpg_featured_image_url":{"full":["https:\/\/lavolierecirque.com\/wp-content\/uploads\/2026\/02\/format-page-SITE-5.png",1200,400,false],"landscape":["https:\/\/lavolierecirque.com\/wp-content\/uploads\/2026\/02\/format-page-SITE-5.png",1200,400,false],"portraits":["https:\/\/lavolierecirque.com\/wp-content\/uploads\/2026\/02\/format-page-SITE-5.png",1200,400,false],"thumbnail":["https:\/\/lavolierecirque.com\/wp-content\/uploads\/2026\/02\/format-page-SITE-5-150x150.png",150,150,true],"medium":["https:\/\/lavolierecirque.com\/wp-content\/uploads\/2026\/02\/format-page-SITE-5-300x100.png",300,100,true],"large":["https:\/\/lavolierecirque.com\/wp-content\/uploads\/2026\/02\/format-page-SITE-5.png",1200,400,false],"1536x1536":["https:\/\/lavolierecirque.com\/wp-content\/uploads\/2026\/02\/format-page-SITE-5.png",1200,400,false],"2048x2048":["https:\/\/lavolierecirque.com\/wp-content\/uploads\/2026\/02\/format-page-SITE-5.png",1200,400,false]},"rttpg_author":{"display_name":"admin5999","author_link":"https:\/\/lavolierecirque.com\/index.php\/author\/admin5999\/"},"rttpg_comment":0,"rttpg_category":null,"rttpg_excerpt":"\u00ab Une \u00e9cole de cirque est une \u00e9cole pour tous, une \u00e9cole pour chacun, une \u00e9cole pour les Arts du Cirque \u00bb Tout au long de l\u2019ann\u00e9e, la Voli\u00e8re dispense des cours de cirque loisirs \u00e0 destination d\u2019un large public d\u2019amateur : du baby cirque aux cours adultes.La Voli\u00e8re est adh\u00e9rente de la F\u00e9d\u00e9ration Fran\u00e7aise\u2026","_links":{"self":[{"href":"https:\/\/lavolierecirque.com\/index.php\/wp-json\/wp\/v2\/pages\/535","targetHints":{"allow":["GET"]}}],"collection":[{"href":"https:\/\/lavolierecirque.com\/index.php\/wp-json\/wp\/v2\/pages"}],"about":[{"href":"https:\/\/lavolierecirque.com\/index.php\/wp-json\/wp\/v2\/types\/page"}],"author":[{"embeddable":true,"href":"https:\/\/lavolierecirque.com\/index.php\/wp-json\/wp\/v2\/users\/1"}],"replies":[{"embeddable":true,"href":"https:\/\/lavolierecirque.com\/index.php\/wp-json\/wp\/v2\/comments?post=535"}],"version-history":[{"count":51,"href":"https:\/\/lavolierecirque.com\/index.php\/wp-json\/wp\/v2\/pages\/535\/revisions"}],"predecessor-version":[{"id":5648,"href":"https:\/\/lavolierecirque.com\/index.php\/wp-json\/wp\/v2\/pages\/535\/revisions\/5648"}],"wp:featuredmedia":[{"embeddable":true,"href":"https:\/\/lavolierecirque.com\/index.php\/wp-json\/wp\/v2\/media\/5727"}],"wp:attachment":[{"href":"https:\/\/lavolierecirque.com\/index.php\/wp-json\/wp\/v2\/media?parent=535"}],"curies":[{"name":"wp","href":"https:\/\/api.w.org\/{rel}","templated":true}]}}