{"id":1527,"date":"2023-02-12T15:59:49","date_gmt":"2023-02-12T14:59:49","guid":{"rendered":"https:\/\/lavolierecirque.com\/?page_id=1527"},"modified":"2025-03-17T10:29:16","modified_gmt":"2025-03-17T09:29:16","slug":"reseau-culturel","status":"publish","type":"page","link":"https:\/\/lavolierecirque.com\/index.php\/reseau-culturel\/","title":{"rendered":"R\u00e9seau Culturel"},"content":{"rendered":"\n<h3 class=\"wp-block-heading\">La Voli\u00e8re, souhaite cr\u00e9er des synergies artistiques sur son territoire et aider \u00e0 faire rayonner les formes \u00e9mergentes du cirque contemporain au niveau r\u00e9gional, national et international.<\/h3>\n\n\n\n<div style=\"height:50px\" aria-hidden=\"true\" class=\"wp-block-spacer\"><\/div>\n\n\n\n<p>Dans le cadre de ses missions, La Voli\u00e8re a accompagn\u00e9 entre 2020 \u00e0 2021, la structuration d\u2019un bureau de production et de diffusion d\u00e9di\u00e9 aux esth\u00e9tiques a\u00e9riennes : Pendulaire.<br><br>Depuis janvier 2022, l\u2019association Pendulaire est h\u00e9berg\u00e9e au sein de La Voli\u00e8re et accompagne la production et la diffusion d\u2019artistes du territoire mais \u00e9galement internationaux.<br><br><a href=\"https:\/\/pendulaire.fr\">https:\/\/pendulaire.fr<\/a><\/p>\n\n\n\n<div style=\"height:100px\" aria-hidden=\"true\" class=\"wp-block-spacer\"><\/div>\n","protected":false},"excerpt":{"rendered":"<p>La Voli\u00e8re, souhaite cr\u00e9er des synergies artistiques sur son territoire et aider \u00e0 faire rayonner les formes \u00e9mergentes du cirque contemporain au niveau r\u00e9gional, national et international. Dans le cadre de ses missions, La Voli\u00e8re a accompagn\u00e9 entre 2020 \u00e0 2021, la structuration d\u2019un bureau de production et de diffusion d\u00e9di\u00e9 aux esth\u00e9tiques a\u00e9riennes : Pendulaire. Depuis janvier 2022, l\u2019association Pendulaire est h\u00e9berg\u00e9e au sein de La Voli\u00e8re et accompagne la production et la diffusion d\u2019artistes du territoire mais \u00e9galement internationaux. https:\/\/pendulaire.fr<\/p>\n","protected":false},"author":1,"featured_media":1598,"parent":0,"menu_order":0,"comment_status":"closed","ping_status":"closed","template":"elementor_theme","meta":{"site-sidebar-layout":"default","site-content-layout":"default","ast-global-header-display":"","ast-main-header-display":"","ast-hfb-above-header-display":"","ast-hfb-below-header-display":"","ast-hfb-mobile-header-display":"","site-post-title":"","ast-breadcrumbs-content":"","ast-featured-img":"","footer-sml-layout":"","theme-transparent-header-meta":"","adv-header-id-meta":"","stick-header-meta":"","header-above-stick-meta":"","header-main-stick-meta":"","header-below-stick-meta":"","ngg_post_thumbnail":0,"footnotes":""},"class_list":["post-1527","page","type-page","status-publish","has-post-thumbnail","hentry"],"yoast_head":"<!-- This site is optimized with the Yoast SEO plugin v26.8 - https:\/\/yoast.com\/product\/yoast-seo-wordpress\/ -->\n<title>R\u00e9seau Culturel - La Voli\u00e8re<\/title>\n<meta name=\"robots\" content=\"index, follow, max-snippet:-1, max-image-preview:large, max-video-preview:-1\" \/>\n<link rel=\"canonical\" href=\"https:\/\/lavolierecirque.com\/index.php\/reseau-culturel\/\" \/>\n<meta property=\"og:locale\" content=\"fr_FR\" \/>\n<meta property=\"og:type\" content=\"article\" \/>\n<meta property=\"og:title\" content=\"R\u00e9seau Culturel - La Voli\u00e8re\" \/>\n<meta property=\"og:description\" content=\"La Voli\u00e8re, souhaite cr\u00e9er des synergies artistiques sur son territoire et aider \u00e0 faire rayonner les formes \u00e9mergentes du cirque contemporain au niveau r\u00e9gional, national et international. Dans le cadre de ses missions, La Voli\u00e8re a accompagn\u00e9 entre 2020 \u00e0 2021, la structuration d\u2019un bureau de production et de diffusion d\u00e9di\u00e9 aux esth\u00e9tiques a\u00e9riennes : Pendulaire. Depuis janvier 2022, l\u2019association Pendulaire est h\u00e9berg\u00e9e au sein de La Voli\u00e8re et accompagne la production et la diffusion d\u2019artistes du territoire mais \u00e9galement internationaux. https:\/\/pendulaire.fr\" \/>\n<meta property=\"og:url\" content=\"https:\/\/lavolierecirque.com\/index.php\/reseau-culturel\/\" \/>\n<meta property=\"og:site_name\" content=\"La Voli\u00e8re\" \/>\n<meta property=\"article:modified_time\" content=\"2025-03-17T09:29:16+00:00\" \/>\n<meta property=\"og:image\" content=\"https:\/\/lavolierecirque.com\/wp-content\/uploads\/2023\/02\/page_Bureau.jpg\" \/>\n\t<meta property=\"og:image:width\" content=\"1208\" \/>\n\t<meta property=\"og:image:height\" content=\"404\" \/>\n\t<meta property=\"og:image:type\" content=\"image\/jpeg\" \/>\n<meta name=\"twitter:card\" content=\"summary_large_image\" \/>\n<meta name=\"twitter:label1\" content=\"Dur\u00e9e de lecture estim\u00e9e\" \/>\n\t<meta name=\"twitter:data1\" content=\"1 minute\" \/>\n<script type=\"application\/ld+json\" class=\"yoast-schema-graph\">{\"@context\":\"https:\/\/schema.org\",\"@graph\":[{\"@type\":\"WebPage\",\"@id\":\"https:\/\/lavolierecirque.com\/index.php\/reseau-culturel\/\",\"url\":\"https:\/\/lavolierecirque.com\/index.php\/reseau-culturel\/\",\"name\":\"R\u00e9seau Culturel - La Voli\u00e8re\",\"isPartOf\":{\"@id\":\"https:\/\/lavolierecirque.com\/#website\"},\"primaryImageOfPage\":{\"@id\":\"https:\/\/lavolierecirque.com\/index.php\/reseau-culturel\/#primaryimage\"},\"image\":{\"@id\":\"https:\/\/lavolierecirque.com\/index.php\/reseau-culturel\/#primaryimage\"},\"thumbnailUrl\":\"https:\/\/lavolierecirque.com\/wp-content\/uploads\/2023\/02\/page_Bureau.jpg\",\"datePublished\":\"2023-02-12T14:59:49+00:00\",\"dateModified\":\"2025-03-17T09:29:16+00:00\",\"breadcrumb\":{\"@id\":\"https:\/\/lavolierecirque.com\/index.php\/reseau-culturel\/#breadcrumb\"},\"inLanguage\":\"fr-FR\",\"potentialAction\":[{\"@type\":\"ReadAction\",\"target\":[\"https:\/\/lavolierecirque.com\/index.php\/reseau-culturel\/\"]}]},{\"@type\":\"ImageObject\",\"inLanguage\":\"fr-FR\",\"@id\":\"https:\/\/lavolierecirque.com\/index.php\/reseau-culturel\/#primaryimage\",\"url\":\"https:\/\/lavolierecirque.com\/wp-content\/uploads\/2023\/02\/page_Bureau.jpg\",\"contentUrl\":\"https:\/\/lavolierecirque.com\/wp-content\/uploads\/2023\/02\/page_Bureau.jpg\",\"width\":1208,\"height\":404},{\"@type\":\"BreadcrumbList\",\"@id\":\"https:\/\/lavolierecirque.com\/index.php\/reseau-culturel\/#breadcrumb\",\"itemListElement\":[{\"@type\":\"ListItem\",\"position\":1,\"name\":\"Accueil\",\"item\":\"https:\/\/lavolierecirque.com\/\"},{\"@type\":\"ListItem\",\"position\":2,\"name\":\"R\u00e9seau Culturel\"}]},{\"@type\":\"WebSite\",\"@id\":\"https:\/\/lavolierecirque.com\/#website\",\"url\":\"https:\/\/lavolierecirque.com\/\",\"name\":\"La Voli\u00e8re\",\"description\":\"Lieu d\u00e9di\u00e9 au nouveau cirque &amp; \u00e0 la danse a\u00e9rienne\",\"potentialAction\":[{\"@type\":\"SearchAction\",\"target\":{\"@type\":\"EntryPoint\",\"urlTemplate\":\"https:\/\/lavolierecirque.com\/?s={search_term_string}\"},\"query-input\":{\"@type\":\"PropertyValueSpecification\",\"valueRequired\":true,\"valueName\":\"search_term_string\"}}],\"inLanguage\":\"fr-FR\"}]}<\/script>\n<!-- \/ Yoast SEO plugin. -->","yoast_head_json":{"title":"R\u00e9seau Culturel - La Voli\u00e8re","robots":{"index":"index","follow":"follow","max-snippet":"max-snippet:-1","max-image-preview":"max-image-preview:large","max-video-preview":"max-video-preview:-1"},"canonical":"https:\/\/lavolierecirque.com\/index.php\/reseau-culturel\/","og_locale":"fr_FR","og_type":"article","og_title":"R\u00e9seau Culturel - La Voli\u00e8re","og_description":"La Voli\u00e8re, souhaite cr\u00e9er des synergies artistiques sur son territoire et aider \u00e0 faire rayonner les formes \u00e9mergentes du cirque contemporain au niveau r\u00e9gional, national et international. Dans le cadre de ses missions, La Voli\u00e8re a accompagn\u00e9 entre 2020 \u00e0 2021, la structuration d\u2019un bureau de production et de diffusion d\u00e9di\u00e9 aux esth\u00e9tiques a\u00e9riennes : Pendulaire. Depuis janvier 2022, l\u2019association Pendulaire est h\u00e9berg\u00e9e au sein de La Voli\u00e8re et accompagne la production et la diffusion d\u2019artistes du territoire mais \u00e9galement internationaux. https:\/\/pendulaire.fr","og_url":"https:\/\/lavolierecirque.com\/index.php\/reseau-culturel\/","og_site_name":"La Voli\u00e8re","article_modified_time":"2025-03-17T09:29:16+00:00","og_image":[{"width":1208,"height":404,"url":"https:\/\/lavolierecirque.com\/wp-content\/uploads\/2023\/02\/page_Bureau.jpg","type":"image\/jpeg"}],"twitter_card":"summary_large_image","twitter_misc":{"Dur\u00e9e de lecture estim\u00e9e":"1 minute"},"schema":{"@context":"https:\/\/schema.org","@graph":[{"@type":"WebPage","@id":"https:\/\/lavolierecirque.com\/index.php\/reseau-culturel\/","url":"https:\/\/lavolierecirque.com\/index.php\/reseau-culturel\/","name":"R\u00e9seau Culturel - La Voli\u00e8re","isPartOf":{"@id":"https:\/\/lavolierecirque.com\/#website"},"primaryImageOfPage":{"@id":"https:\/\/lavolierecirque.com\/index.php\/reseau-culturel\/#primaryimage"},"image":{"@id":"https:\/\/lavolierecirque.com\/index.php\/reseau-culturel\/#primaryimage"},"thumbnailUrl":"https:\/\/lavolierecirque.com\/wp-content\/uploads\/2023\/02\/page_Bureau.jpg","datePublished":"2023-02-12T14:59:49+00:00","dateModified":"2025-03-17T09:29:16+00:00","breadcrumb":{"@id":"https:\/\/lavolierecirque.com\/index.php\/reseau-culturel\/#breadcrumb"},"inLanguage":"fr-FR","potentialAction":[{"@type":"ReadAction","target":["https:\/\/lavolierecirque.com\/index.php\/reseau-culturel\/"]}]},{"@type":"ImageObject","inLanguage":"fr-FR","@id":"https:\/\/lavolierecirque.com\/index.php\/reseau-culturel\/#primaryimage","url":"https:\/\/lavolierecirque.com\/wp-content\/uploads\/2023\/02\/page_Bureau.jpg","contentUrl":"https:\/\/lavolierecirque.com\/wp-content\/uploads\/2023\/02\/page_Bureau.jpg","width":1208,"height":404},{"@type":"BreadcrumbList","@id":"https:\/\/lavolierecirque.com\/index.php\/reseau-culturel\/#breadcrumb","itemListElement":[{"@type":"ListItem","position":1,"name":"Accueil","item":"https:\/\/lavolierecirque.com\/"},{"@type":"ListItem","position":2,"name":"R\u00e9seau Culturel"}]},{"@type":"WebSite","@id":"https:\/\/lavolierecirque.com\/#website","url":"https:\/\/lavolierecirque.com\/","name":"La Voli\u00e8re","description":"Lieu d\u00e9di\u00e9 au nouveau cirque &amp; \u00e0 la danse a\u00e9rienne","potentialAction":[{"@type":"SearchAction","target":{"@type":"EntryPoint","urlTemplate":"https:\/\/lavolierecirque.com\/?s={search_term_string}"},"query-input":{"@type":"PropertyValueSpecification","valueRequired":true,"valueName":"search_term_string"}}],"inLanguage":"fr-FR"}]}},"rttpg_featured_image_url":{"full":["https:\/\/lavolierecirque.com\/wp-content\/uploads\/2023\/02\/page_Bureau.jpg",1208,404,false],"landscape":["https:\/\/lavolierecirque.com\/wp-content\/uploads\/2023\/02\/page_Bureau.jpg",1208,404,false],"portraits":["https:\/\/lavolierecirque.com\/wp-content\/uploads\/2023\/02\/page_Bureau.jpg",1208,404,false],"thumbnail":["https:\/\/lavolierecirque.com\/wp-content\/uploads\/2023\/02\/page_Bureau-150x150.jpg",150,150,true],"medium":["https:\/\/lavolierecirque.com\/wp-content\/uploads\/2023\/02\/page_Bureau-300x100.jpg",300,100,true],"large":["https:\/\/lavolierecirque.com\/wp-content\/uploads\/2023\/02\/page_Bureau-1200x401.jpg",1200,401,true],"1536x1536":["https:\/\/lavolierecirque.com\/wp-content\/uploads\/2023\/02\/page_Bureau.jpg",1208,404,false],"2048x2048":["https:\/\/lavolierecirque.com\/wp-content\/uploads\/2023\/02\/page_Bureau.jpg",1208,404,false]},"rttpg_author":{"display_name":"admin5999","author_link":"https:\/\/lavolierecirque.com\/index.php\/author\/admin5999\/"},"rttpg_comment":0,"rttpg_category":null,"rttpg_excerpt":"La Voli\u00e8re, souhaite cr\u00e9er des synergies artistiques sur son territoire et aider \u00e0 faire rayonner les formes \u00e9mergentes du cirque contemporain au niveau r\u00e9gional, national et international. Dans le cadre de ses missions, La Voli\u00e8re a accompagn\u00e9 entre 2020 \u00e0 2021, la structuration d\u2019un bureau de production et de diffusion d\u00e9di\u00e9 aux esth\u00e9tiques a\u00e9riennes :\u2026","_links":{"self":[{"href":"https:\/\/lavolierecirque.com\/index.php\/wp-json\/wp\/v2\/pages\/1527","targetHints":{"allow":["GET"]}}],"collection":[{"href":"https:\/\/lavolierecirque.com\/index.php\/wp-json\/wp\/v2\/pages"}],"about":[{"href":"https:\/\/lavolierecirque.com\/index.php\/wp-json\/wp\/v2\/types\/page"}],"author":[{"embeddable":true,"href":"https:\/\/lavolierecirque.com\/index.php\/wp-json\/wp\/v2\/users\/1"}],"replies":[{"embeddable":true,"href":"https:\/\/lavolierecirque.com\/index.php\/wp-json\/wp\/v2\/comments?post=1527"}],"version-history":[{"count":2,"href":"https:\/\/lavolierecirque.com\/index.php\/wp-json\/wp\/v2\/pages\/1527\/revisions"}],"predecessor-version":[{"id":4788,"href":"https:\/\/lavolierecirque.com\/index.php\/wp-json\/wp\/v2\/pages\/1527\/revisions\/4788"}],"wp:featuredmedia":[{"embeddable":true,"href":"https:\/\/lavolierecirque.com\/index.php\/wp-json\/wp\/v2\/media\/1598"}],"wp:attachment":[{"href":"https:\/\/lavolierecirque.com\/index.php\/wp-json\/wp\/v2\/media?parent=1527"}],"curies":[{"name":"wp","href":"https:\/\/api.w.org\/{rel}","templated":true}]}}